{"id":18219,"date":"2019-01-02T18:03:00","date_gmt":"2019-01-02T17:03:00","guid":{"rendered":"https:\/\/www.irisautocenter.be\/contact\/"},"modified":"2024-02-22T18:34:40","modified_gmt":"2024-02-22T17:34:40","slug":"contact","status":"publish","type":"page","link":"https:\/\/www.irisautocenter.be\/nl\/contact\/","title":{"rendered":"Contact"},"content":{"rendered":"<p>[vc_row section_type=&#8221;fullwidth&#8221; padding_top_multiplier=&#8221;&#8221; padding_bottom_multiplier=&#8221;&#8221; columns_gap=&#8221;none&#8221; section_id=&#8221;contact&#8221;][vc_column clipping_animation=&#8221;colored-clipping-right&#8221; animation_delay=&#8221;600&#8243;]<div class=\"grve-map-wrapper\"><div class=\"grve-element grve-map\" data-lat=\"50.8795639\" data-lng=\"4.3778336999999965\" data-zoom=\"16\" data-disable-style=\"no\" style=\"height: 500px;\"><\/div><div style=\"display:none\" class=\"grve-map-point\" data-point-marker=\"\/\/www.irisautocenter.be\/wp-content\/themes\/movedo\/images\/markers\/transparent.png\" data-point-lat=\"50.8795639\" data-point-lng=\"4.3778336999999965\" data-point-title=\"Iris Auto Center Ans + Si\u00e8ge\" data-point-type=\"pulse-dot\" data-point-open=\"no\" data-point-marker-width=\"\" data-point-marker-height=\"\" data-point-bg-color=\"primary-1\"><div class=\"grve-map-infotext\"><h6 class=\"grve-infotext-title\">Iris Auto Center Ans + Si\u00e8ge<\/h6><\/div><\/div><div style=\"display:none\" class=\"grve-map-point\" data-point-marker=\"\/\/www.irisautocenter.be\/wp-content\/themes\/movedo\/images\/markers\/transparent.png\" data-point-lat=\"50.6657468\" data-point-lng=\"5.5329293\" data-point-title=\"Iris Auto Center Ans\" data-point-type=\"pulse-dot\" data-point-open=\"no\" data-point-marker-width=\"\" data-point-marker-height=\"\" data-point-bg-color=\"primary-1\"><div class=\"grve-map-infotext\"><h6 class=\"grve-infotext-title\">Iris Auto Center Ans<\/h6><\/div><\/div><\/div>[\/vc_column][\/vc_row][vc_row section_type=&#8221;fullwidth&#8221; padding_top_multiplier=&#8221;&#8221; padding_bottom_multiplier=&#8221;&#8221; columns_gap=&#8221;none&#8221; equal_column_height=&#8221;equal-column&#8221; section_id=&#8221;contact&#8221;][vc_column column_custom_position=&#8221;yes&#8221; position_top=&#8221;minus-3x&#8221; width=&#8221;1\/3&#8243; tablet_width=&#8221;hide&#8221; tablet_sm_width=&#8221;hide&#8221; mobile_width=&#8221;hide&#8221;][\/vc_column][vc_column column_custom_position=&#8221;yes&#8221; position_top=&#8221;minus-3x&#8221; width=&#8221;1\/3&#8243; tablet_width=&#8221;1-2&#8243; tablet_sm_width=&#8221;1-2&#8243; shadow=&#8221;large&#8221; clipping_animation=&#8221;colored-clipping-down&#8221; clipping_animation_colors=&#8221;primary-2&#8243; animation_delay=&#8221;1000&#8243; css=&#8221;.vc_custom_1662623663508{padding-top: 12% !important;padding-right: 12% !important;padding-bottom: 12% !important;padding-left: 12% !important;background-color: #1f2c6c !important;}&#8221; font_color=&#8221;#ffffff&#8221; el_class=&#8221;contact&#8221;][vc_column_text]<\/p>\n<p style=\"text-align: center;\"><strong>IRIS AUTO CENTER BXL<\/strong><br \/>\nAvenue de Vilvorde 78 &#8211; 1000 Brussel (showroom)<\/p>\n<p style=\"text-align: center;\">Ma &#8211; Di -Wo- Don &#8211; Vr: 10u30 tot 18u30<br \/>\nZa: 10u00 tot 17u00 | Zondag : Gesloten<\/p>\n<p style=\"text-align: center;\"><strong>Telefoon :<\/strong> <a href=\"tel:+3222478888\">+32 2 247 88 88<\/a><br \/>\n<strong>Email :<\/strong> <a href=\"mailto:info@irisauto.a-move.com\">info@irisauto.a-move.com<\/a><\/p>\n<p>[\/vc_column_text][\/vc_column][vc_column column_custom_position=&#8221;yes&#8221; position_top=&#8221;minus-3x&#8221; width=&#8221;1\/3&#8243; tablet_width=&#8221;hide&#8221; mobile_width=&#8221;hide&#8221;][\/vc_column][\/vc_row][vc_row padding_top_multiplier=&#8221;&#8221; padding_bottom_multiplier=&#8221;3x&#8221; el_class=&#8221;mobile-pad&#8221;][vc_column heading_color=&#8221;primary-1&#8243;]<h3 class=\"grve-element grve-title grve-align-center grve-h2\" style=\"margin-bottom: 30px;\"><span>Hoe komt u in de Brusselse showroom?<span class=\"grve-title-line grve-bg-primary-1\" style=\"width: 90px;height: 2px;\"><\/span><\/span><\/h3>[\/vc_column][vc_column width=&#8221;1\/3&#8243;]<div class=\"grve-element grve-box-icon grve-extra-small grve-top-icon grve-align-center\" style=\"margin-bottom: 30px;\"><div class=\"grve-image-icon\"><img width=\"256\" height=\"256\" src=\"https:\/\/www.irisautocenter.be\/wp-content\/uploads\/2022\/09\/001-car.png\" class=\"attachment-full size-full\" alt=\"\" loading=\"lazy\" srcset=\"https:\/\/www.irisautocenter.be\/wp-content\/uploads\/2022\/09\/001-car.png 256w, https:\/\/www.irisautocenter.be\/wp-content\/uploads\/2022\/09\/001-car-150x150.png 150w, https:\/\/www.irisautocenter.be\/wp-content\/uploads\/2022\/09\/001-car-100x100.png 100w\" sizes=\"(max-width: 256px) 100vw, 256px\" \/><\/div><div class=\"grve-box-content\"><div class=\"grve-box-title-wrapper\"><h3 class=\"grve-box-title grve-h3\">Met de auto<\/h3><\/div>  <p class=\"\">Iris AutoCenter ligt vlak bij de Van Praetbrug, tegenover Dockx.<br \/>\nAls u van Vilvoorde komt, moet u in het laatste gebouw aan uw rechterkant zijn.<br \/>\nAls u van de Van Praetbrug komt, moet u de Vilvoordelaan nemen en rechtsomkeert maken aan de eerste middenberm om vervolgens terug te rijden tot aan Iris AutoCenter.<\/p><\/div><\/div><div class=\"grve-element grve-align-center\"><a href=\"https:\/\/www.youtube.com\/watch?v=72O2a2dyPyk\" class=\"grve-btn grve-btn-small grve-extra-round grve-bg-primary-1 grve-bg-hover-primary-2 grve-video-popup\"><span><i class=\"smp-icon-control-play\"><\/i>Hoe bereikt u ons?<\/span><\/a><\/div>[\/vc_column][vc_column width=&#8221;1\/3&#8243;]<div class=\"grve-element grve-box-icon grve-extra-small grve-top-icon grve-align-center\" style=\"\"><div class=\"grve-image-icon\"><img width=\"256\" height=\"256\" src=\"https:\/\/www.irisautocenter.be\/wp-content\/uploads\/2022\/09\/002-tram.png\" class=\"attachment-full size-full\" alt=\"\" loading=\"lazy\" srcset=\"https:\/\/www.irisautocenter.be\/wp-content\/uploads\/2022\/09\/002-tram.png 256w, https:\/\/www.irisautocenter.be\/wp-content\/uploads\/2022\/09\/002-tram-150x150.png 150w, https:\/\/www.irisautocenter.be\/wp-content\/uploads\/2022\/09\/002-tram-100x100.png 100w\" sizes=\"(max-width: 256px) 100vw, 256px\" \/><\/div><div class=\"grve-box-content\"><div class=\"grve-box-title-wrapper\"><h3 class=\"grve-box-title grve-h3\">En transports en commun<\/h3><\/div>  <p class=\"\"><strong>Tram:<\/strong> 3 en 7 (halte Teichmann)<br \/>\n<strong>Bus:<\/strong> 47 en 57 (halte Teichmann of Albertbrug of Schaarbeek Station)<br \/>\n<strong>Trein :<\/strong> Schaarbeek Station<\/p><\/div><\/div>[\/vc_column][vc_column width=&#8221;1\/3&#8243;]<div class=\"grve-element grve-box-icon grve-extra-small grve-top-icon grve-align-center\" style=\"margin-bottom: 30px;\"><div class=\"grve-image-icon\"><img width=\"256\" height=\"256\" src=\"https:\/\/www.irisautocenter.be\/wp-content\/uploads\/2022\/09\/003-showroom.png\" class=\"attachment-full size-full\" alt=\"\" loading=\"lazy\" srcset=\"https:\/\/www.irisautocenter.be\/wp-content\/uploads\/2022\/09\/003-showroom.png 256w, https:\/\/www.irisautocenter.be\/wp-content\/uploads\/2022\/09\/003-showroom-150x150.png 150w, https:\/\/www.irisautocenter.be\/wp-content\/uploads\/2022\/09\/003-showroom-100x100.png 100w\" sizes=\"(max-width: 256px) 100vw, 256px\" \/><\/div><div class=\"grve-box-content\"><div class=\"grve-box-title-wrapper\"><h3 class=\"grve-box-title grve-h3\">Toegang tot de showroom<\/h3><\/div>  <p class=\"\">Iris AutoCenter bevindt zich op de 3e verdieping van het gebouw.<br \/>\nVoetgangers kunnen de lift of de trap nemen via de \u2018toren\u2019.<br \/>\nAuto\u2019s kunnen via de helling tot aan de 3e verdieping rijden.<br \/>\n<strong>De bezoekersparking is gratis.<\/strong><\/p><\/div><\/div><div class=\"grve-element grve-align-center\"><a href=\"https:\/\/www.youtube.com\/watch?v=Yc2_vILqA98\" class=\"grve-btn grve-btn-small grve-extra-round grve-bg-primary-1 grve-bg-hover-primary-2 grve-video-popup\"><span><i class=\"smp-icon-control-play\"><\/i>Hoe bereikt u ons?<\/span><\/a><\/div>[\/vc_column][\/vc_row][vc_row padding_top_multiplier=&#8221;2x&#8221; padding_bottom_multiplier=&#8221;3x&#8221; el_class=&#8221;mobile-pad&#8221;][vc_column width=&#8221;1\/6&#8243;][\/vc_column][vc_column width=&#8221;2\/3&#8243; heading_color=&#8221;primary-1&#8243;]<h3 class=\"grve-element grve-title grve-align-center grve-h2\" style=\"\"><span>Hebt u nog vragen?<span class=\"grve-title-line grve-bg-primary-1\" style=\"width: 90px;height: 2px;\"><\/span><\/span><\/h3>[vc_column_text]<\/p>\n<p style=\"text-align: center;\">Contacteer ons gerust. Wij zullen zo snel mogelijk antwoorden.<\/p>\n<p>[\/vc_column_text]<div class=\"grve-empty-space grve-height-1x\" style=\"\"><\/div>[vc_column_text]<div class=\"frm_forms \" id=\"frm_form_16_container\" >\n<form enctype=\"multipart\/form-data\" method=\"post\" class=\"frm-show-form  frm_js_validate  frm_pro_form  frm_ajax_submit \" id=\"form_contact-form2\"  >\n<div class=\"frm_form_fields \">\n<fieldset>\n<legend class=\"frm_screen_reader\">Contact-NL<\/legend>\r\n\r\n<div class=\"frm_fields_container\">\n<input type=\"hidden\" name=\"frm_action\" value=\"create\" \/>\n<input type=\"hidden\" name=\"form_id\" value=\"16\" \/>\n<input type=\"hidden\" name=\"frm_hide_fields_16\" id=\"frm_hide_fields_16\" value=\"\" \/>\n<input type=\"hidden\" name=\"form_key\" value=\"contact-form2\" \/>\n<input type=\"hidden\" name=\"item_meta[0]\" value=\"\" \/>\n<input type=\"hidden\" id=\"frm_submit_entry_16\" name=\"frm_submit_entry_16\" value=\"0ed833261a\" \/><input type=\"hidden\" name=\"_wp_http_referer\" value=\"\/nl\/wp-json\/wp\/v2\/pages\/18219\" \/><div id=\"frm_field_172_container\" class=\"frm_form_field form-field  frm_required_field frm_top_container frm_first frm_half\">\r\n    <label for=\"field_qh4icy\" class=\"frm_primary_label\">Wie bent u?\r\n        <span class=\"frm_required\">*<\/span>\r\n    <\/label>\r\n    <input type=\"text\" id=\"field_qh4icy\" name=\"item_meta[172]\" value=\"\"  data-reqmsg=\"This field cannot be empty\" aria-required=\"true\" data-invmsg=\"Name est non valide\" aria-invalid=\"false\"   aria-describedby=\"frm_desc_field_qh4icy\"\/>\r\n    <div class=\"frm_description\" id=\"frm_desc_field_qh4icy\">Voornaam<\/div>\r\n    \r\n<\/div>\n<div id=\"frm_field_173_container\" class=\"frm_form_field form-field  frm_required_field frm_hidden_container frm_half\">\r\n    <label for=\"field_ocfup1\" class=\"frm_primary_label\">Naam\r\n        <span class=\"frm_required\"><\/span>\r\n    <\/label>\r\n    <input type=\"text\" id=\"field_ocfup1\" name=\"item_meta[173]\" value=\"\"  data-reqmsg=\"This field cannot be empty\" aria-required=\"true\" data-invmsg=\"Last est non valide\" aria-invalid=\"false\"   aria-describedby=\"frm_desc_field_ocfup1\"\/>\r\n    <div class=\"frm_description\" id=\"frm_desc_field_ocfup1\">Naam<\/div>\r\n    \r\n<\/div>\n<div id=\"frm_field_174_container\" class=\"frm_form_field form-field  frm_required_field frm_top_container frm_first frm_half\">\r\n    <label for=\"field_29yf4d\" class=\"frm_primary_label\">E-mail\r\n        <span class=\"frm_required\">*<\/span>\r\n    <\/label>\r\n    <input type=\"email\" id=\"field_29yf4d\" name=\"item_meta[174]\" value=\"\"  data-reqmsg=\"This field cannot be empty\" aria-required=\"true\" data-invmsg=\"Please enter a valid email address\" aria-invalid=\"false\"  \/>\r\n    \r\n    \r\n<\/div>\n<div id=\"frm_field_175_container\" class=\"frm_form_field form-field  frm_required_field frm_top_container frm_last frm_half\">\r\n    <label for=\"field_e6lis6\" class=\"frm_primary_label\">Telefoon\r\n        <span class=\"frm_required\">*<\/span>\r\n    <\/label>\r\n    <input type=\"tel\" id=\"field_e6lis6\" name=\"item_meta[175]\" value=\"\"  data-reqmsg=\"This field cannot be empty\" aria-required=\"true\" data-invmsg=\"Subject est non valide\" aria-invalid=\"false\" pattern=\"((\\+\\d{1,3}(-|.| )?\\(?\\d\\)?(-| |.)?\\d{1,5})|(\\(?\\d{2,6}\\)?))(-|.| )?(\\d{3,4})(-|.| )?(\\d{4})(( x| ext)\\d{1,5}){0,1}$\"  \/>\r\n    \r\n    \r\n<\/div>\n<div id=\"frm_field_176_container\" class=\"frm_form_field form-field  frm_top_container\">\r\n    <label for=\"field_a3s892\" class=\"frm_primary_label\">Wanneer kunnen we contact met u opnemen ?\r\n        <span class=\"frm_required\"><\/span>\r\n    <\/label>\r\n    \t\t<select name=\"item_meta[176]\" id=\"field_a3s892\"  data-frmval=\"geen voorkeur? \" data-invmsg=\"Wanneer kunnen we contact met u opnemen ? is ongeldig\" aria-invalid=\"false\"  >\n\t\t\t\t<option  value=\"geen voorkeur? \" selected=\"selected\">\n\t\t\tgeen voorkeur? \t\t<\/option>\n\t\t\t\t<option  value=\"Vroege ochtend\">\n\t\t\tVroege ochtend\t\t<\/option>\n\t\t\t\t<option  value=\"Eind van de ochtend\">\n\t\t\tEind van de ochtend\t\t<\/option>\n\t\t\t\t<option  value=\"Tijdens lunch tijd \">\n\t\t\tTijdens lunch tijd \t\t<\/option>\n\t\t\t\t<option  value=\"Vroege namiddag\">\n\t\t\tVroege namiddag\t\t<\/option>\n\t\t\t\t<option  value=\"Late namiddag \">\n\t\t\tLate namiddag \t\t<\/option>\n\t\t\t\t<option  value=\"Vroeg in de avond \">\n\t\t\tVroeg in de avond \t\t<\/option>\n\t\t\t<\/select>\n\t\r\n    \r\n    \r\n<\/div>\n<div id=\"frm_field_177_container\" class=\"frm_form_field form-field  frm_required_field frm_top_container frm_full\">\r\n    <label for=\"field_9jv0r1\" class=\"frm_primary_label\">Bericht\r\n        <span class=\"frm_required\">*<\/span>\r\n    <\/label>\r\n    <textarea name=\"item_meta[177]\" id=\"field_9jv0r1\" rows=\"5\"  data-reqmsg=\"This field cannot be empty\" aria-required=\"true\" data-invmsg=\"Bericht is ongeldig\" aria-invalid=\"false\"  ><\/textarea>\r\n    \r\n    \r\n<\/div>\n<div id=\"frm_field_178_container\" class=\"frm_form_field form-field  frm_required_field frm_top_container frm_full vertical_radio\">\r\n    <label for=\"field_599qk2\" class=\"frm_primary_label\">Privacy Bescherming\r\n        <span class=\"frm_required\">*<\/span>\r\n    <\/label>\r\n    <div class=\"frm_opt_container\">\t\t<div class=\"frm_checkbox\" id=\"frm_checkbox_178-0\"><label for=\"field_599qk2-0\"><input type=\"checkbox\" name=\"item_meta[178][]\" id=\"field_599qk2-0\" value=\"Uw gegevens worden enkel gebruikt om contact op te nemen met een professionele verkoper. In ons &lt;a class=&quot;red&quot; href=&quot;https:\/\/www.irisautocenter.be\/nl\/privacybeleid\/&quot;&gt;privacybeleid&lt;\/a&gt; vindt u meer informatie over het gebruik van uw gegeven op onze website.\"  data-reqmsg=\"We hebben uw toestemming nodig om uw persoonlijke gegevens te verwerken.\" aria-required=\"true\" data-invmsg=\"Privacy Bescherming is ongeldig\" aria-invalid=\"false\"   \/> Uw gegevens worden enkel gebruikt om contact op te nemen met een professionele verkoper. In ons <a class=\"red\" href=\"https:\/\/www.irisautocenter.be\/nl\/privacybeleid\/\">privacybeleid<\/a> vindt u meer informatie over het gebruik van uw gegeven op onze website.<\/label><\/div>\n<\/div>\r\n    \r\n    \r\n<\/div>\n<div id=\"frm_field_179_container\" class=\"frm_form_field form-field  frm_none_container\">\r\n    <label  class=\"frm_primary_label\">reCAPTCHA\r\n        <span class=\"frm_required\"><\/span>\r\n    <\/label>\r\n    <div id=\"field_a01da2\" class=\"g-recaptcha\" data-sitekey=\"6Ldl54kUAAAAACaUoNMZikzKAwCnzV31HAHF0epL\" data-size=\"invisible\" data-theme=\"light\" data-callback=\"frmAfterRecaptcha\"><\/div>\r\n    \r\n    \r\n<\/div>\n\t<input type=\"hidden\" name=\"item_key\" value=\"\" \/>\n\t\t\t\t<div class=\"frm_verify\" aria-hidden=\"true\">\n\t\t\t\t<label for=\"frm_email_16\">\n\t\t\t\t\tIf you are human, leave this field blank.\t\t\t\t<\/label>\n\t\t\t\t<input type=\"text\" class=\"frm_verify\" id=\"frm_email_16\" name=\"frm_verify\" value=\"\"  \/>\n\t\t\t<\/div>\n\t\t<input name=\"frm_state\" type=\"hidden\" value=\"4hIxPOI+aJsYVtSY3hU\/65axpeg2nIVJrmVWBeuAqWA=\" \/><div class=\"frm_submit\">\r\n\r\n<button class=\"frm_button_submit frm_final_submit\" type=\"submit\"   formnovalidate=\"formnovalidate\">Verzenden<\/button>\r\n\r\n<\/div><\/div>\n<\/fieldset>\n<\/div>\n<\/form>\n<\/div>\n[\/vc_column_text][\/vc_column][vc_column width=&#8221;1\/6&#8243;][\/vc_column][\/vc_row]<\/p>\n","protected":false},"excerpt":{"rendered":"<p>[vc_row section_type=&#8221;fullwidth&#8221; padding_top_multiplier=&#8221;&#8221; padding_bottom_multiplier=&#8221;&#8221; columns_gap=&#8221;none&#8221; section_id=&#8221;contact&#8221;][vc_column clipping_animation=&#8221;colored-clipping-right&#8221; animation_delay=&#8221;600&#8243;][\/vc_column][\/vc_row][vc_row section_type=&#8221;fullwidth&#8221; padding_top_multiplier=&#8221;&#8221; padding_bottom_multiplier=&#8221;&#8221; columns_gap=&#8221;none&#8221; equal_column_height=&#8221;equal-column&#8221; section_id=&#8221;contact&#8221;][vc_column column_custom_position=&#8221;yes&#8221; position_top=&#8221;minus-3x&#8221; width=&#8221;1\/3&#8243; tablet_width=&#8221;hide&#8221; tablet_sm_width=&#8221;hide&#8221; mobile_width=&#8221;hide&#8221;][\/vc_column][vc_column column_custom_position=&#8221;yes&#8221; position_top=&#8221;minus-3x&#8221; width=&#8221;1\/3&#8243; tablet_width=&#8221;1-2&#8243; tablet_sm_width=&#8221;1-2&#8243; shadow=&#8221;large&#8221; clipping_animation=&#8221;colored-clipping-down&#8221; clipping_animation_colors=&#8221;primary-2&#8243; animation_delay=&#8221;1000&#8243; css=&#8221;.vc_custom_1662623663508{padding-top: 12% !important;padding-right: 12% !important;padding-bottom: 12% !important;padding-left: 12% !important;background-color: #1f2c6c !important;}&#8221; font_color=&#8221;#ffffff&#8221; el_class=&#8221;contact&#8221;][vc_column_text] IRIS AUTO CENTER BXL Avenue de Vilvorde 78 &#8211; 1000 Brussel (showroom) Ma [&hellip;]<\/p>\n","protected":false},"author":1,"featured_media":0,"parent":0,"menu_order":0,"comment_status":"closed","ping_status":"closed","template":"","meta":{"_mi_skip_tracking":false},"yoast_head":"<!-- This site is optimized with the Yoast SEO plugin v18.4.1 - https:\/\/yoast.com\/wordpress\/plugins\/seo\/ -->\n<title>Contact - Iris AutoCenter<\/title>\n<meta name=\"description\" content=\"Contactez Iris Autocenter, le plus grand showroom de voitures d&#039;occasion \u00e0 Bruxelles. Nous sommes l\u00e0 pour vous aider pour un achat ou une vente de v\u00e9hicule.\" \/>\n<meta name=\"robots\" content=\"index, follow, max-snippet:-1, max-image-preview:large, max-video-preview:-1\" \/>\n<link rel=\"canonical\" href=\"https:\/\/www.irisautocenter.be\/nl\/contact\/\" \/>\n<meta property=\"og:locale\" content=\"nl_NL\" \/>\n<meta property=\"og:type\" content=\"article\" \/>\n<meta property=\"og:title\" content=\"Contact - Iris AutoCenter\" \/>\n<meta property=\"og:description\" content=\"Contactez Iris Autocenter, le plus grand showroom de voitures d&#039;occasion \u00e0 Bruxelles. Nous sommes l\u00e0 pour vous aider pour un achat ou une vente de v\u00e9hicule.\" \/>\n<meta property=\"og:url\" content=\"https:\/\/www.irisautocenter.be\/nl\/contact\/\" \/>\n<meta property=\"og:site_name\" content=\"Iris AutoCenter\" \/>\n<meta property=\"article:modified_time\" content=\"2024-02-22T17:34:40+00:00\" \/>\n<meta name=\"twitter:card\" content=\"summary_large_image\" \/>\n<meta name=\"twitter:label1\" content=\"Geschatte leestijd\" \/>\n\t<meta name=\"twitter:data1\" content=\"2 minuten\" \/>\n<script type=\"application\/ld+json\" class=\"yoast-schema-graph\">{\"@context\":\"https:\/\/schema.org\",\"@graph\":[{\"@type\":\"Organization\",\"@id\":\"https:\/\/www.irisautocenter.be\/#organization\",\"name\":\"Iris Auto center\",\"url\":\"https:\/\/www.irisautocenter.be\/\",\"sameAs\":[],\"logo\":{\"@type\":\"ImageObject\",\"@id\":\"https:\/\/www.irisautocenter.be\/#logo\",\"inLanguage\":\"nl\",\"url\":\"https:\/\/www.irisautocenter.be\/wp-content\/uploads\/2022\/09\/iris-logo2022-1.png\",\"contentUrl\":\"https:\/\/www.irisautocenter.be\/wp-content\/uploads\/2022\/09\/iris-logo2022-1.png\",\"width\":1386,\"height\":297,\"caption\":\"Iris Auto center\"},\"image\":{\"@id\":\"https:\/\/www.irisautocenter.be\/#logo\"}},{\"@type\":\"WebSite\",\"@id\":\"https:\/\/www.irisautocenter.be\/#website\",\"url\":\"https:\/\/www.irisautocenter.be\/\",\"name\":\"Iris AutoCenter\",\"description\":\"Revendeur de voitures d&#039;occasion en Belgique\",\"publisher\":{\"@id\":\"https:\/\/www.irisautocenter.be\/#organization\"},\"potentialAction\":[{\"@type\":\"SearchAction\",\"target\":{\"@type\":\"EntryPoint\",\"urlTemplate\":\"https:\/\/www.irisautocenter.be\/?s={search_term_string}\"},\"query-input\":\"required name=search_term_string\"}],\"inLanguage\":\"nl\"},{\"@type\":\"WebPage\",\"@id\":\"https:\/\/www.irisautocenter.be\/nl\/contact\/#webpage\",\"url\":\"https:\/\/www.irisautocenter.be\/nl\/contact\/\",\"name\":\"Contact - Iris AutoCenter\",\"isPartOf\":{\"@id\":\"https:\/\/www.irisautocenter.be\/#website\"},\"datePublished\":\"2019-01-02T17:03:00+00:00\",\"dateModified\":\"2024-02-22T17:34:40+00:00\",\"description\":\"Contactez Iris Autocenter, le plus grand showroom de voitures d'occasion \u00e0 Bruxelles. Nous sommes l\u00e0 pour vous aider pour un achat ou une vente de v\u00e9hicule.\",\"breadcrumb\":{\"@id\":\"https:\/\/www.irisautocenter.be\/nl\/contact\/#breadcrumb\"},\"inLanguage\":\"nl\",\"potentialAction\":[{\"@type\":\"ReadAction\",\"target\":[\"https:\/\/www.irisautocenter.be\/nl\/contact\/\"]}]},{\"@type\":\"BreadcrumbList\",\"@id\":\"https:\/\/www.irisautocenter.be\/nl\/contact\/#breadcrumb\",\"itemListElement\":[{\"@type\":\"ListItem\",\"position\":1,\"name\":\"Accueil\",\"item\":\"https:\/\/www.irisautocenter.be\/nl\/\"},{\"@type\":\"ListItem\",\"position\":2,\"name\":\"Contact\"}]}]}<\/script>\n<!-- \/ Yoast SEO plugin. -->","yoast_head_json":{"title":"Contact - Iris AutoCenter","description":"Contactez Iris Autocenter, le plus grand showroom de voitures d'occasion \u00e0 Bruxelles. Nous sommes l\u00e0 pour vous aider pour un achat ou une vente de v\u00e9hicule.","robots":{"index":"index","follow":"follow","max-snippet":"max-snippet:-1","max-image-preview":"max-image-preview:large","max-video-preview":"max-video-preview:-1"},"canonical":"https:\/\/www.irisautocenter.be\/nl\/contact\/","og_locale":"nl_NL","og_type":"article","og_title":"Contact - Iris AutoCenter","og_description":"Contactez Iris Autocenter, le plus grand showroom de voitures d'occasion \u00e0 Bruxelles. Nous sommes l\u00e0 pour vous aider pour un achat ou une vente de v\u00e9hicule.","og_url":"https:\/\/www.irisautocenter.be\/nl\/contact\/","og_site_name":"Iris AutoCenter","article_modified_time":"2024-02-22T17:34:40+00:00","twitter_card":"summary_large_image","twitter_misc":{"Geschatte leestijd":"2 minuten"},"schema":{"@context":"https:\/\/schema.org","@graph":[{"@type":"Organization","@id":"https:\/\/www.irisautocenter.be\/#organization","name":"Iris Auto center","url":"https:\/\/www.irisautocenter.be\/","sameAs":[],"logo":{"@type":"ImageObject","@id":"https:\/\/www.irisautocenter.be\/#logo","inLanguage":"nl","url":"https:\/\/www.irisautocenter.be\/wp-content\/uploads\/2022\/09\/iris-logo2022-1.png","contentUrl":"https:\/\/www.irisautocenter.be\/wp-content\/uploads\/2022\/09\/iris-logo2022-1.png","width":1386,"height":297,"caption":"Iris Auto center"},"image":{"@id":"https:\/\/www.irisautocenter.be\/#logo"}},{"@type":"WebSite","@id":"https:\/\/www.irisautocenter.be\/#website","url":"https:\/\/www.irisautocenter.be\/","name":"Iris AutoCenter","description":"Revendeur de voitures d&#039;occasion en Belgique","publisher":{"@id":"https:\/\/www.irisautocenter.be\/#organization"},"potentialAction":[{"@type":"SearchAction","target":{"@type":"EntryPoint","urlTemplate":"https:\/\/www.irisautocenter.be\/?s={search_term_string}"},"query-input":"required name=search_term_string"}],"inLanguage":"nl"},{"@type":"WebPage","@id":"https:\/\/www.irisautocenter.be\/nl\/contact\/#webpage","url":"https:\/\/www.irisautocenter.be\/nl\/contact\/","name":"Contact - Iris AutoCenter","isPartOf":{"@id":"https:\/\/www.irisautocenter.be\/#website"},"datePublished":"2019-01-02T17:03:00+00:00","dateModified":"2024-02-22T17:34:40+00:00","description":"Contactez Iris Autocenter, le plus grand showroom de voitures d'occasion \u00e0 Bruxelles. Nous sommes l\u00e0 pour vous aider pour un achat ou une vente de v\u00e9hicule.","breadcrumb":{"@id":"https:\/\/www.irisautocenter.be\/nl\/contact\/#breadcrumb"},"inLanguage":"nl","potentialAction":[{"@type":"ReadAction","target":["https:\/\/www.irisautocenter.be\/nl\/contact\/"]}]},{"@type":"BreadcrumbList","@id":"https:\/\/www.irisautocenter.be\/nl\/contact\/#breadcrumb","itemListElement":[{"@type":"ListItem","position":1,"name":"Accueil","item":"https:\/\/www.irisautocenter.be\/nl\/"},{"@type":"ListItem","position":2,"name":"Contact"}]}]}},"_links":{"self":[{"href":"https:\/\/www.irisautocenter.be\/nl\/wp-json\/wp\/v2\/pages\/18219"}],"collection":[{"href":"https:\/\/www.irisautocenter.be\/nl\/wp-json\/wp\/v2\/pages"}],"about":[{"href":"https:\/\/www.irisautocenter.be\/nl\/wp-json\/wp\/v2\/types\/page"}],"author":[{"embeddable":true,"href":"https:\/\/www.irisautocenter.be\/nl\/wp-json\/wp\/v2\/users\/1"}],"replies":[{"embeddable":true,"href":"https:\/\/www.irisautocenter.be\/nl\/wp-json\/wp\/v2\/comments?post=18219"}],"version-history":[{"count":21,"href":"https:\/\/www.irisautocenter.be\/nl\/wp-json\/wp\/v2\/pages\/18219\/revisions"}],"predecessor-version":[{"id":758377,"href":"https:\/\/www.irisautocenter.be\/nl\/wp-json\/wp\/v2\/pages\/18219\/revisions\/758377"}],"wp:attachment":[{"href":"https:\/\/www.irisautocenter.be\/nl\/wp-json\/wp\/v2\/media?parent=18219"}],"curies":[{"name":"wp","href":"https:\/\/api.w.org\/{rel}","templated":true}]}}